{"id":3293,"date":"2024-07-04T17:48:19","date_gmt":"2024-07-04T15:48:19","guid":{"rendered":"https:\/\/life-initiative.org\/?page_id=3293"},"modified":"2025-01-14T13:09:40","modified_gmt":"2025-01-14T12:09:40","slug":"arbeitserlaubnis-asylverfahren","status":"publish","type":"page","link":"https:\/\/life-initiative.org\/tr\/arbeitserlaubnis-asylverfahren\/","title":{"rendered":"Arbeitserlaubnis (\u00e7al\u0131\u015fma izni) nas\u0131l al\u0131r\u0131m? (S\u0131\u011f\u0131nma s\u00fcreci\/Duldung)"},"content":{"rendered":"<p>\u25b7 <a href=\"https:\/\/life-initiative.org\/tr\/buerokratie-guidelines\/\">T\u00fcm ad\u0131m ad\u0131m rehberleri g\u00f6ster<\/a>.<br \/>\n<img loading=\"lazy\" decoding=\"async\" class=\"alignnone wp-image-2697 size-medium\" src=\"https:\/\/life-initiative.org\/wp-content\/uploads\/2024\/08\/work-300x300.png\" alt=\"\" width=\"300\" height=\"300\" srcset=\"https:\/\/life-initiative.org\/wp-content\/uploads\/2024\/08\/work-300x300.png 300w, https:\/\/life-initiative.org\/wp-content\/uploads\/2024\/08\/work-150x150.png 150w, https:\/\/life-initiative.org\/wp-content\/uploads\/2024\/08\/work.png 512w\" sizes=\"auto, (max-width: 300px) 100vw, 300px\" \/><\/p>\n<p>S\u0131\u011f\u0131nma s\u00fcrecinde (Asylverfahren) veya Duldung (m\u00fcsamaha belgesi) ile nas\u0131l Arbeitserlaubnis (\u00e7al\u0131\u015fma izni) alabilece\u011fini 7 ad\u0131mda \u00f6\u011fren. <span style=\"color: #ff9900;\"><strong>Bir bak\u0131\u015fta:<\/strong><\/span><\/p>\n<ul>\n<li style=\"font-weight: 400;\" aria-level=\"1\"><span style=\"font-weight: 400;\">Bir i\u015f bul ve firmaya s\u00fcreci a\u00e7\u0131kla.<\/span><\/li>\n<li style=\"font-weight: 400;\" aria-level=\"1\"><span style=\"font-weight: 400;\">Yabanc\u0131lar dairesine i\u015f s\u00f6zle\u015fmesi (Arbeitsvertrag) ve <\/span><span style=\"font-weight: 400;\">i\u015f ili\u015fkisinin a\u00e7\u0131klamas\u0131n\u0131 (Erkl\u00e4rung zum Besch\u00e4ftigungsverh\u00e4ltnis)<\/span><span style=\"font-weight: 400;\"> g\u00f6nder.<\/span><\/li>\n<li style=\"font-weight: 400;\" aria-level=\"1\"><span style=\"font-weight: 400;\">\u0130zni ald\u0131ktan sonra i\u015fine ba\u015flayabilirsin.<\/span><\/li>\n<\/ul>\n<p>Bu rehber, i\u015f de\u011fi\u015ftirmek i\u00e7in de ge\u00e7erlidir.<\/p>\n<details>\n<summary><span style=\"font-family: Helvetica,Arial,sans-serif; font-weight: semi-bold;\"><strong>Ba\u015fl\u0131klar\u0131 a\u00e7mak i\u00e7in t\u0131kla<\/strong><\/span><\/summary>\n<ul>\n<li>Detaylar i\u00e7in k\u00fc\u00e7\u00fck <span style=\"color: #ff9900;\"><strong>say\u0131lar\u0131n<\/strong><\/span> \u00fczerine t\u0131kla.<sup id=\"mfn-content-00000000000024860000000000000000_3293-1\" class=\"modern-footnotes-footnote modern-footnotes-footnote--hover-on-desktop \" data-mfn=\"1\" data-mfn-post-scope=\"00000000000024860000000000000000_3293\"><a href=\"javascript:void(0)\"  role=\"button\" aria-pressed=\"false\" aria-describedby=\"mfn-content-00000000000024860000000000000000_3293-1\">1<\/a><\/sup><span role=\"tooltip\" class=\"modern-footnotes-footnote__note\" tabindex=\"0\" data-mfn=\"1\">\u00d6rnek<\/span><\/li>\n<\/ul>\n<\/details>\n<details>\n<summary><span style=\"font-family: Helvetica,Arial,sans-serif; font-weight: bold; font-size: 22px;\">1. Arbeitserlaubnis (\u00e7al\u0131\u015fma izni) al\u0131p alamayaca\u011f\u0131n\u0131 kontrol et<\/span><\/summary>\n<p><img loading=\"lazy\" decoding=\"async\" class=\"alignnone wp-image-1204\" src=\"https:\/\/life-initiative.org\/wp-content\/uploads\/2024\/07\/approve-300x300.png\" alt=\"\" width=\"150\" height=\"150\" srcset=\"https:\/\/life-initiative.org\/wp-content\/uploads\/2024\/07\/approve-300x300.png 300w, https:\/\/life-initiative.org\/wp-content\/uploads\/2024\/07\/approve-150x150.png 150w, https:\/\/life-initiative.org\/wp-content\/uploads\/2024\/07\/approve-12x12.png 12w, https:\/\/life-initiative.org\/wp-content\/uploads\/2024\/07\/approve.png 512w\" sizes=\"auto, (max-width: 150px) 100vw, 150px\" \/><\/p>\n<ul>\n<li>E\u011fer <strong><span style=\"color: #ff9900;\">Aufenthaltsgestattung<\/span><\/strong> (ge\u00e7ici ikamet izni belgesi) veya <span style=\"color: #ff9900;\"><strong>Duldung <\/strong><\/span>(m\u00fcsamaha belgesi) belgende &#8220;Besch\u00e4ftigung nur mit Zustimmung der Ausl\u00e4nderbeh\u00f6rde&#8221; (&#8220;\u00e7al\u0131\u015fma izni yaln\u0131zca Yabanc\u0131lar Dairesi&#8217;nin onay\u0131 ile m\u00fcmk\u00fcnd\u00fcr&#8221;) yaz\u0131yorsa, Arbeitserlaubnis (\u00e7al\u0131\u015fma izni) alabilirsin.<\/li>\n<li>S\u0131\u011f\u0131nma s\u00fcrecindeki ki\u015filer genellikle geldikten 3 ay sonra Arbeitserlaubnis (\u00e7al\u0131\u015fma izni) alabilir.<sup id=\"mfn-content-00000000000024860000000000000000_3293-2\" class=\"modern-footnotes-footnote modern-footnotes-footnote--hover-on-desktop \" data-mfn=\"2\" data-mfn-post-scope=\"00000000000024860000000000000000_3293\"><a href=\"javascript:void(0)\"  role=\"button\" aria-pressed=\"false\" aria-describedby=\"mfn-content-00000000000024860000000000000000_3293-2\">2<\/a><\/sup><span role=\"tooltip\" class=\"modern-footnotes-footnote__note\" tabindex=\"0\" data-mfn=\"2\">E\u011fer bir ilk kabul merkezinde (veya Ankerzentrum&#8217;da) ya\u015f\u0131yorsan, ancak 6 aydan sonra \u00e7al\u0131\u015fabilirsin. Bu 6 aydan sonra Arbeitserlaubnis (\u00e7al\u0131\u015fma izni) isteyebilirsin, belgende \u00e7al\u0131\u015fma izni yasaklanm\u0131\u015f olsa bile (bu, ba\u015fvurun &#8220;a\u00e7\u0131k\u00e7a dayanaks\u0131z&#8221; olarak reddedildi\u011finde ge\u00e7erli olmayabilir). S\u0131\u011f\u0131nma s\u00fcrecinde 48 ay sonra izinsiz \u00e7al\u0131\u015fabilirsin. <a href=\"https:\/\/handbookgermany.de\/de\/work-permit\">Daha fazla bilgi<\/a>.<\/span> S\u0131\u011f\u0131nma s\u00fcrecindeki baz\u0131 \u00fclkelerden gelen ki\u015filer<sup id=\"mfn-content-00000000000024860000000000000000_3293-3\" class=\"modern-footnotes-footnote modern-footnotes-footnote--hover-on-desktop \" data-mfn=\"3\" data-mfn-post-scope=\"00000000000024860000000000000000_3293\"><a href=\"javascript:void(0)\"  role=\"button\" aria-pressed=\"false\" aria-describedby=\"mfn-content-00000000000024860000000000000000_3293-3\">3<\/a><\/sup><span role=\"tooltip\" class=\"modern-footnotes-footnote__note\" tabindex=\"0\" data-mfn=\"3\"><a href=\"https:\/\/handbookgermany.de\/de\/safe-countries\">G\u00fcvenli Men\u015fei \u00dclkeler<\/a>: Arnavutluk, Bosna-Hersek, Gana, Kosova, Kuzey Makedonya, Karada\u011f, Senegal ve S\u0131rbistan.<\/span> \u00e7al\u0131\u015famaz. <a href=\"https:\/\/life-initiative.org\/tr\/hgt-duldung-12-2024-tr\/\">Duldung<\/a> (m\u00fcsamaha belgesi) ile olan ki\u015filer \u00e7o\u011fu durumda \u00e7al\u0131\u015fabilir.<sup id=\"mfn-content-00000000000024860000000000000000_3293-4\" class=\"modern-footnotes-footnote modern-footnotes-footnote--hover-on-desktop \" data-mfn=\"4\" data-mfn-post-scope=\"00000000000024860000000000000000_3293\"><a href=\"javascript:void(0)\"  role=\"button\" aria-pressed=\"false\" aria-describedby=\"mfn-content-00000000000024860000000000000000_3293-4\">4<\/a><\/sup><span role=\"tooltip\" class=\"modern-footnotes-footnote__note\" tabindex=\"0\" data-mfn=\"4\"> E\u011fer <a href=\"https:\/\/life-initiative.org\/tr\/hgt-duldung-fur-menschen-mit-ungeklarter-identitat-12-2024-tr\/\">kimli\u011fi belirsiz ki\u015filer<\/a> i\u00e7in verilen Duldung belgesine sahipsen, \u00e7al\u0131\u015famazs\u0131n.<\/span><\/li>\n<li><strong><span style=\"color: #ff9900;\">Yard\u0131m iste<\/span><\/strong>, e\u011fer nas\u0131l kontrol edebilece\u011fini bilmiyorsan.<sup id=\"mfn-content-00000000000024860000000000000000_3293-5\" class=\"modern-footnotes-footnote modern-footnotes-footnote--hover-on-desktop \" data-mfn=\"5\" data-mfn-post-scope=\"00000000000024860000000000000000_3293\"><a href=\"javascript:void(0)\"  role=\"button\" aria-pressed=\"false\" aria-describedby=\"mfn-content-00000000000024860000000000000000_3293-5\">5<\/a><\/sup><span role=\"tooltip\" class=\"modern-footnotes-footnote__note\" tabindex=\"0\" data-mfn=\"5\"> Bir <a href=\"https:\/\/life-initiative.org\/tr\/beratungsstelle\/\" target=\"_blank\" rel=\"noopener\">yerel dan\u0131\u015fma merkezi<\/a> veya <a href=\"https:\/\/life-initiative.org\/tr\/support\/\">LIFE Initiative<\/a> ile ileti\u015fime ge\u00e7.<\/span><\/li>\n<\/ul>\n<\/details>\n<details>\n<summary><span style=\"font-family: Helvetica,Arial,sans-serif; font-weight: bold; font-size: 22px;\">2. Bir i\u015f ara<\/span><\/summary>\n<p><span style=\"font-family: Helvetica,Arial,sans-serif; font-weight: bold; font-size: 22px;\"><img loading=\"lazy\" decoding=\"async\" class=\"alignnone size-thumbnail wp-image-2701\" src=\"https:\/\/life-initiative.org\/wp-content\/uploads\/2024\/08\/job-2-150x150.png\" alt=\"\" width=\"150\" height=\"150\" srcset=\"https:\/\/life-initiative.org\/wp-content\/uploads\/2024\/08\/job-2-150x150.png 150w, https:\/\/life-initiative.org\/wp-content\/uploads\/2024\/08\/job-2-300x300.png 300w, https:\/\/life-initiative.org\/wp-content\/uploads\/2024\/08\/job-2.png 512w\" sizes=\"auto, (max-width: 150px) 100vw, 150px\" \/><\/span><\/p>\n<ul>\n<li>Bir i\u015f aramak i\u00e7in izne ihtiyac\u0131n yok. Arbeitserlaubnis&#8217;ine (<span style=\"font-weight: 400;\">\u00e7<\/span>al\u0131\u015fma iznine) yaln\u0131zca <strong><span style=\"color: #ff9900;\">yaz\u0131l\u0131 bir i\u015f teklifi<\/span><\/strong> ile ba\u015fvurabilirsin.<\/li>\n<li>\u0130\u015f ilanlar\u0131n\u0131 <span style=\"color: #ff9900;\"><strong>online<\/strong><\/span> arayabilir ya da <span style=\"color: #ff9900;\"><strong>yerel<\/strong><\/span> olarak \u00f6rne\u011fin ma\u011fazalar veya restoranlarda tan\u0131t\u0131m yapabilirsin.<sup id=\"mfn-content-00000000000024860000000000000000_3293-6\" class=\"modern-footnotes-footnote modern-footnotes-footnote--hover-on-desktop \" data-mfn=\"6\" data-mfn-post-scope=\"00000000000024860000000000000000_3293\"><a href=\"javascript:void(0)\"  role=\"button\" aria-pressed=\"false\" aria-describedby=\"mfn-content-00000000000024860000000000000000_3293-6\">6<\/a><\/sup><span role=\"tooltip\" class=\"modern-footnotes-footnote__note\" tabindex=\"0\" data-mfn=\"6\"><span style=\"font-weight: 400;\">\u0130nternette <a href=\"https:\/\/handbookgermany.de\/de\/jobsearch-and-application\" target=\"_blank\" rel=\"noopener\">i\u015f arama ve ba\u015fvuru<\/a> hakk\u0131nda ipu\u00e7lar\u0131 bulabilirsin.<\/span><\/span><\/li>\n<\/ul>\n<\/details>\n<details>\n<summary><span style=\"font-family: Helvetica,Arial,sans-serif; font-weight: bold; font-size: 22px;\">3. Firmaya gerekli belgeleri bildir<\/span><\/summary>\n<p><img loading=\"lazy\" decoding=\"async\" class=\"alignnone wp-image-1212 size-thumbnail\" src=\"https:\/\/life-initiative.org\/wp-content\/uploads\/2024\/07\/contract-150x150.png\" alt=\"\" width=\"150\" height=\"150\" srcset=\"https:\/\/life-initiative.org\/wp-content\/uploads\/2024\/07\/contract-150x150.png 150w, https:\/\/life-initiative.org\/wp-content\/uploads\/2024\/07\/contract-300x300.png 300w, https:\/\/life-initiative.org\/wp-content\/uploads\/2024\/07\/contract-12x12.png 12w, https:\/\/life-initiative.org\/wp-content\/uploads\/2024\/07\/contract.png 512w\" sizes=\"auto, (max-width: 150px) 100vw, 150px\" \/><\/p>\n<ul>\n<li>E\u011fer bir firma<sup id=\"mfn-content-00000000000024860000000000000000_3293-7\" class=\"modern-footnotes-footnote modern-footnotes-footnote--hover-on-desktop \" data-mfn=\"7\" data-mfn-post-scope=\"00000000000024860000000000000000_3293\"><a href=\"javascript:void(0)\"  role=\"button\" aria-pressed=\"false\" aria-describedby=\"mfn-content-00000000000024860000000000000000_3293-7\">7<\/a><\/sup><span role=\"tooltip\" class=\"modern-footnotes-footnote__note\" tabindex=\"0\" data-mfn=\"7\">Firma ile \u00e7al\u0131\u015fmak istedi\u011fin i\u015fletme, \u015firket, restoran veya ma\u011fazay\u0131 kastediyoruz.<\/span> seni i\u015fe almak isterse, i\u015fe hemen ba\u015flayamazs\u0131n. \u0130lk olarak Yabanc\u0131lar Dairesi&#8217;nden <span style=\"color: #ff9900;\"><strong>onay alman<\/strong><\/span> gerekir.<\/li>\n<li>Bunun i\u00e7in imzalanmam\u0131\u015f bir <span style=\"color: #ff9900;\"><strong>i\u015f s\u00f6zle\u015fmesi tasla\u011f\u0131<\/strong><\/span> ve firma taraf\u0131ndan doldurulmu\u015f <a href=\"https:\/\/www.arbeitsagentur.de\/datei\/erklaerung-zum-beschaeftigungsverhaeltnis_ba047549.pdf\">\u0130\u015f \u0130li\u015fkisinin A\u00e7\u0131klamas\u0131<\/a> (Erkl\u00e4rung zum Besch\u00e4ftigungsverh\u00e4ltnis) gerekir.<sup id=\"mfn-content-00000000000024860000000000000000_3293-8\" class=\"modern-footnotes-footnote modern-footnotes-footnote--hover-on-desktop \" data-mfn=\"8\" data-mfn-post-scope=\"00000000000024860000000000000000_3293\"><a href=\"javascript:void(0)\"  role=\"button\" aria-pressed=\"false\" aria-describedby=\"mfn-content-00000000000024860000000000000000_3293-8\">8<\/a><\/sup><span role=\"tooltip\" class=\"modern-footnotes-footnote__note\" tabindex=\"0\" data-mfn=\"8\">Formda 3-22, 24-25, 37-51 ve 57-59 numaral\u0131 alanlar doldurulmal\u0131d\u0131r.<\/span><\/li>\n<\/ul>\n<\/details>\n<details>\n<summary><span style=\"font-family: Helvetica,Arial,sans-serif; font-weight: bold; font-size: 22px;\">4. Firmaya s\u00fcreci a\u00e7\u0131kla<\/span><\/summary>\n<p><span style=\"font-family: Helvetica,Arial,sans-serif; font-weight: bold; font-size: 22px;\"><img loading=\"lazy\" decoding=\"async\" class=\"alignnone size-thumbnail wp-image-1632\" src=\"https:\/\/life-initiative.org\/wp-content\/uploads\/2024\/08\/correct-150x150.png\" alt=\"\" width=\"150\" height=\"150\" srcset=\"https:\/\/life-initiative.org\/wp-content\/uploads\/2024\/08\/correct-150x150.png 150w, https:\/\/life-initiative.org\/wp-content\/uploads\/2024\/08\/correct-300x300.png 300w, https:\/\/life-initiative.org\/wp-content\/uploads\/2024\/08\/correct.png 512w\" sizes=\"auto, (max-width: 150px) 100vw, 150px\" \/><\/span><\/p>\n<ul>\n<li>Baz\u0131 firmalar, s\u0131\u011f\u0131nmac\u0131lar\u0131 i\u015fe almak konusunda teredd\u00fct edebilir. Onlara Arbeitserlaubnis&#8217;ini (\u00e7al\u0131\u015fma iznini) <span style=\"color: #ff9900;\"><strong>b\u00fcy\u00fck olas\u0131l\u0131kla<\/strong><\/span> alaca\u011f\u0131n\u0131 s\u00f6yleyebilirsin. \u0130\u015f en az\u0131ndan asgari \u00fccretle (saatte 12,41 Euro) \u00f6denmelidir.<\/li>\n<li>\u0130zinin gelmesi <span style=\"color: #ff9900;\"><strong>3-6 hafta<\/strong><\/span> s\u00fcrebilir.<sup id=\"mfn-content-00000000000024860000000000000000_3293-9\" class=\"modern-footnotes-footnote modern-footnotes-footnote--hover-on-desktop \" data-mfn=\"9\" data-mfn-post-scope=\"00000000000024860000000000000000_3293\"><a href=\"javascript:void(0)\"  role=\"button\" aria-pressed=\"false\" aria-describedby=\"mfn-content-00000000000024860000000000000000_3293-9\">9<\/a><\/sup><span role=\"tooltip\" class=\"modern-footnotes-footnote__note\" tabindex=\"0\" data-mfn=\"9\"><span style=\"font-weight: 400;\">Bu s\u00fcre zarf\u0131nda firma herhangi bir risk almaz ve i\u015f teklifini geri \u00e7ekebilir. \u0130\u015f s\u00f6zle\u015fmesi ancak izin al\u0131nd\u0131ktan sonra imzalan\u0131r.<\/span><\/span><\/li>\n<\/ul>\n<\/details>\n<details>\n<summary><span style=\"font-family: Helvetica,Arial,sans-serif; font-weight: bold; font-size: 22px;\">5. Belgeleri Yabanc\u0131lar Dairesi&#8217;ne g\u00f6nder<\/span><\/summary>\n<p><img loading=\"lazy\" decoding=\"async\" class=\"alignnone wp-image-1208 size-thumbnail\" src=\"https:\/\/life-initiative.org\/wp-content\/uploads\/2024\/07\/cover-letter-150x150.png\" alt=\"\" width=\"150\" height=\"150\" srcset=\"https:\/\/life-initiative.org\/wp-content\/uploads\/2024\/07\/cover-letter-150x150.png 150w, https:\/\/life-initiative.org\/wp-content\/uploads\/2024\/07\/cover-letter-300x300.png 300w, https:\/\/life-initiative.org\/wp-content\/uploads\/2024\/07\/cover-letter-12x12.png 12w, https:\/\/life-initiative.org\/wp-content\/uploads\/2024\/07\/cover-letter.png 512w\" sizes=\"auto, (max-width: 150px) 100vw, 150px\" \/><\/p>\n<ul>\n<li>Belgeler, bir mesajla birlikte<sup id=\"mfn-content-00000000000024860000000000000000_3293-10\" class=\"modern-footnotes-footnote modern-footnotes-footnote--hover-on-desktop \" data-mfn=\"10\" data-mfn-post-scope=\"00000000000024860000000000000000_3293\"><a href=\"javascript:void(0)\"  role=\"button\" aria-pressed=\"false\" aria-describedby=\"mfn-content-00000000000024860000000000000000_3293-10\">10<\/a><\/sup><span role=\"tooltip\" class=\"modern-footnotes-footnote__note\" tabindex=\"0\" data-mfn=\"10\"><span style=\"font-weight: 400;\">Mesajda, iznin \u00f6rne\u011fin 21 g\u00fcn i\u00e7inde verilmesini isteyebilirsin.<\/span><\/span> <span style=\"color: #ff9900;\"><strong>posta, Einwurf-Einschreiben (elden teslimat)<\/strong><\/span><sup id=\"mfn-content-00000000000024860000000000000000_3293-11\" class=\"modern-footnotes-footnote modern-footnotes-footnote--hover-on-desktop \" data-mfn=\"11\" data-mfn-post-scope=\"00000000000024860000000000000000_3293\"><a href=\"javascript:void(0)\"  role=\"button\" aria-pressed=\"false\" aria-describedby=\"mfn-content-00000000000024860000000000000000_3293-11\">11<\/a><\/sup><span role=\"tooltip\" class=\"modern-footnotes-footnote__note\" tabindex=\"0\" data-mfn=\"11\">Elden teslimat mektubu, bir mektup gibidir, ancak mektubun ula\u015ft\u0131\u011f\u0131na dair bir kan\u0131t al\u0131rs\u0131n. 3,10 \u20ac&#8217;ya mal olur. G\u00f6ndermek i\u00e7in Deutsche Post \u015fubesine gitmen gerekir. Posta, sana g\u00f6nderi onay\u0131n\u0131 i\u00e7eren bir kod verir. Koddaki bilgileri foto\u011fraflay\u0131p sakla.<\/span><span style=\"color: #ff9900;\"><strong> veya faks<\/strong><\/span><sup id=\"mfn-content-00000000000024860000000000000000_3293-12\" class=\"modern-footnotes-footnote modern-footnotes-footnote--hover-on-desktop \" data-mfn=\"12\" data-mfn-post-scope=\"00000000000024860000000000000000_3293\"><a href=\"javascript:void(0)\"  role=\"button\" aria-pressed=\"false\" aria-describedby=\"mfn-content-00000000000024860000000000000000_3293-12\">12<\/a><\/sup><span role=\"tooltip\" class=\"modern-footnotes-footnote__note\" tabindex=\"0\" data-mfn=\"12\">Faks, belgelerin telefon a\u011f\u0131 \u00fczerinden g\u00f6nderilmesidir. \u0130\u015fyerinde, kald\u0131\u011f\u0131n yerde veya bir fotokopi d\u00fckkan\u0131nda faks olup olmad\u0131\u011f\u0131n\u0131 sorabilirsin. Ayr\u0131ca bir faks\u0131 \u00e7evrimi\u00e7i olarak g\u00f6nderebilirsin, \u00f6rne\u011fin <a href=\"https:\/\/fax.pdf24.org\/\">fax.pdf24.org<\/a> (ayda 5 sayfa \u00fccretsiz) veya <a href=\"http:\/\/simple-fax.de\/\">simple-fax.de<\/a> <span lang=\"de\"> (sayfa ba\u015f\u0131na 7 sent, hesap a\u00e7\u0131l\u0131\u015f\u0131 i\u00e7in en az 5 \u20ac).<\/span><\/span> ile Yabanc\u0131lar Dairesi&#8217;ne<sup id=\"mfn-content-00000000000024860000000000000000_3293-13\" class=\"modern-footnotes-footnote modern-footnotes-footnote--hover-on-desktop \" data-mfn=\"13\" data-mfn-post-scope=\"00000000000024860000000000000000_3293\"><a href=\"javascript:void(0)\"  role=\"button\" aria-pressed=\"false\" aria-describedby=\"mfn-content-00000000000024860000000000000000_3293-13\">13<\/a><\/sup><span role=\"tooltip\" class=\"modern-footnotes-footnote__note\" tabindex=\"0\" data-mfn=\"13\">Bulundu\u011fun yere g\u00f6re Yabanc\u0131lar Dairesi&#8217;ni <a href=\"https:\/\/bamf-navi.bamf.de\/de\/Themen\/Behoerden\/\">burada<\/a> bulabilirsin.<\/span> g\u00f6nderilmelidir.<\/li>\n<\/ul>\n<\/details>\n<details>\n<summary><span style=\"font-family: Helvetica,Arial,sans-serif; font-weight: bold; font-size: 22px;\">6. Gerekirse bir hat\u0131rlatma g\u00f6nder<\/span><\/summary>\n<p><span style=\"font-family: Helvetica,Arial,sans-serif; font-weight: bold; font-size: 22px;\"><img loading=\"lazy\" decoding=\"async\" class=\"alignnone wp-image-1218 \" src=\"https:\/\/life-initiative.org\/wp-content\/uploads\/2024\/07\/bell-150x150.png\" alt=\"\" width=\"110\" height=\"110\" srcset=\"https:\/\/life-initiative.org\/wp-content\/uploads\/2024\/07\/bell-150x150.png 150w, https:\/\/life-initiative.org\/wp-content\/uploads\/2024\/07\/bell-300x300.png 300w, https:\/\/life-initiative.org\/wp-content\/uploads\/2024\/07\/bell-12x12.png 12w, https:\/\/life-initiative.org\/wp-content\/uploads\/2024\/07\/bell.png 512w\" sizes=\"auto, (max-width: 110px) 100vw, 110px\" \/><\/span><\/p>\n<ul>\n<li>3 hafta sonra Yabanc\u0131lar Dairesi&#8217;ne bir <strong><span style=\"color: #ff9900;\">hat\u0131rlatma<\/span><\/strong> g\u00f6nder ve ba\u015fvurunla ilgili yaz\u0131l\u0131 bilgi iste. Ayr\u0131ca firman, Arbeitserlaubnis (\u00e7al\u0131\u015fma izni) verilmesi i\u00e7in bir mektup yazabilir. Telefonla da sorabilirsin.<\/li>\n<li>\u0130\u015f teklifinin kaybetme tehlikesi varsa ve hala <a href=\"https:\/\/life-initiative.org\/tr\/auslaenderbehoerde\/\">cevap almad\u0131ysan<\/a>, bir <a href=\"https:\/\/life-initiative.org\/tr\/beratungsstelle\/\" target=\"_blank\" rel=\"noopener\">dan\u0131\u015fma merkezi<\/a> veya bir <a href=\"https:\/\/life-initiative.org\/tr\/anwaltssuche\/\">avukat b\u00fcrosu<\/a> ile yard\u0131m isteyebilirsin. <strong><span style=\"color: #ff9900;\">3 aydan<\/span><\/strong> sonra bir avukat ile birlikte hareketsizlik nedeniyle dava a\u00e7may\u0131 kontrol edebilirsin.<\/li>\n<\/ul>\n<\/details>\n<details>\n<summary><span style=\"font-family: Helvetica,Arial,sans-serif; font-weight: bold; font-size: 22px;\">7. Yeni i\u015fine ba\u015fla<\/span><\/summary>\n<p><span style=\"font-family: Helvetica,Arial,sans-serif; font-weight: bold; font-size: 22px;\"><img loading=\"lazy\" decoding=\"async\" class=\"alignnone size-thumbnail wp-image-2699\" src=\"https:\/\/life-initiative.org\/wp-content\/uploads\/2024\/08\/suitcase-150x150.png\" alt=\"\" width=\"150\" height=\"150\" srcset=\"https:\/\/life-initiative.org\/wp-content\/uploads\/2024\/08\/suitcase-150x150.png 150w, https:\/\/life-initiative.org\/wp-content\/uploads\/2024\/08\/suitcase-300x300.png 300w, https:\/\/life-initiative.org\/wp-content\/uploads\/2024\/08\/suitcase.png 512w\" sizes=\"auto, (max-width: 150px) 100vw, 150px\" \/><\/span><\/p>\n<ul>\n<li>Yaz\u0131l\u0131 izni ald\u0131ktan sonra, <strong><span style=\"color: #ff9900;\">i\u015f s\u00f6zle\u015fmesini imzalayabilir<\/span><\/strong> ve <strong><span style=\"color: #ff9900;\">yeni i\u015fine ba\u015flayabilirsin<\/span><\/strong>.<\/li>\n<\/ul>\n<\/details>\n<p><span style=\"font-weight: 400;\">Bu sayfa, Postcode Lotterie ve avukat<\/span><a href=\"https:\/\/www.nora-ebeling.de\/\"> <span style=\"font-weight: 400;\">Nora Ebeling&#8217;in<\/span><\/a><span style=\"font-weight: 400;\"> deste\u011fiyle haz\u0131rlanm\u0131\u015ft\u0131r. (Ekim 2024 itibar\u0131yla)<\/span><br \/>\n\u25b7\u00a0<a href=\"https:\/\/life-initiative.org\/tr\/buerokratie-guidelines\/\">T\u00fcm ad\u0131m ad\u0131m rehberleri g\u00f6ster<\/a>.<br \/>\n\u25b7\u00a0<a href=\"https:\/\/life-initiative.org\/tr\/kontakt\/\">Bizimle ileti\u015fime ge\u00e7<\/a>.<\/p>\n<h6 class=\"modern-footnotes-list-heading modern-footnotes-list-heading--show-only-for-print\">Fu\u00dfnoten<\/h6><ul class=\"modern-footnotes-list modern-footnotes-list--show-only-for-print\"><li id=\"footnote-00000000000024860000000000000000_3293-1\"><span>1<\/span><div>\u00d6rnek <a href=\"#mfn-content-00000000000024860000000000000000_3293-1\" class=\"modern-footnotes-scroll-to-footnote\" aria-label=\"Back to reference 1 in text\">\u21a9\ufe0e<\/a><\/div><\/li><li id=\"footnote-00000000000024860000000000000000_3293-2\"><span>2<\/span><div>E\u011fer bir ilk kabul merkezinde (veya Ankerzentrum&#8217;da) ya\u015f\u0131yorsan, ancak 6 aydan sonra \u00e7al\u0131\u015fabilirsin. Bu 6 aydan sonra Arbeitserlaubnis (\u00e7al\u0131\u015fma izni) isteyebilirsin, belgende \u00e7al\u0131\u015fma izni yasaklanm\u0131\u015f olsa bile (bu, ba\u015fvurun &#8220;a\u00e7\u0131k\u00e7a dayanaks\u0131z&#8221; olarak reddedildi\u011finde ge\u00e7erli olmayabilir). S\u0131\u011f\u0131nma s\u00fcrecinde 48 ay sonra izinsiz \u00e7al\u0131\u015fabilirsin. <a href=\"https:\/\/handbookgermany.de\/de\/work-permit\">Daha fazla bilgi<\/a>. <a href=\"#mfn-content-00000000000024860000000000000000_3293-2\" class=\"modern-footnotes-scroll-to-footnote\" aria-label=\"Back to reference 2 in text\">\u21a9\ufe0e<\/a><\/div><\/li><li id=\"footnote-00000000000024860000000000000000_3293-3\"><span>3<\/span><div><a href=\"https:\/\/handbookgermany.de\/de\/safe-countries\">G\u00fcvenli Men\u015fei \u00dclkeler<\/a>: Arnavutluk, Bosna-Hersek, Gana, Kosova, Kuzey Makedonya, Karada\u011f, Senegal ve S\u0131rbistan. <a href=\"#mfn-content-00000000000024860000000000000000_3293-3\" class=\"modern-footnotes-scroll-to-footnote\" aria-label=\"Back to reference 3 in text\">\u21a9\ufe0e<\/a><\/div><\/li><li id=\"footnote-00000000000024860000000000000000_3293-4\"><span>4<\/span><div> E\u011fer <a href=\"https:\/\/life-initiative.org\/tr\/hgt-duldung-fur-menschen-mit-ungeklarter-identitat-12-2024-tr\/\">kimli\u011fi belirsiz ki\u015filer<\/a> i\u00e7in verilen Duldung belgesine sahipsen, \u00e7al\u0131\u015famazs\u0131n. <a href=\"#mfn-content-00000000000024860000000000000000_3293-4\" class=\"modern-footnotes-scroll-to-footnote\" aria-label=\"Back to reference 4 in text\">\u21a9\ufe0e<\/a><\/div><\/li><li id=\"footnote-00000000000024860000000000000000_3293-5\"><span>5<\/span><div> Bir <a href=\"https:\/\/life-initiative.org\/tr\/beratungsstelle\/\" target=\"_blank\" rel=\"noopener\">yerel dan\u0131\u015fma merkezi<\/a> veya <a href=\"https:\/\/life-initiative.org\/tr\/support\/\">LIFE Initiative<\/a> ile ileti\u015fime ge\u00e7. <a href=\"#mfn-content-00000000000024860000000000000000_3293-5\" class=\"modern-footnotes-scroll-to-footnote\" aria-label=\"Back to reference 5 in text\">\u21a9\ufe0e<\/a><\/div><\/li><li id=\"footnote-00000000000024860000000000000000_3293-6\"><span>6<\/span><div><span style=\"font-weight: 400;\">\u0130nternette <a href=\"https:\/\/handbookgermany.de\/de\/jobsearch-and-application\" target=\"_blank\" rel=\"noopener\">i\u015f arama ve ba\u015fvuru<\/a> hakk\u0131nda ipu\u00e7lar\u0131 bulabilirsin.<\/span> <a href=\"#mfn-content-00000000000024860000000000000000_3293-6\" class=\"modern-footnotes-scroll-to-footnote\" aria-label=\"Back to reference 6 in text\">\u21a9\ufe0e<\/a><\/div><\/li><li id=\"footnote-00000000000024860000000000000000_3293-7\"><span>7<\/span><div>Firma ile \u00e7al\u0131\u015fmak istedi\u011fin i\u015fletme, \u015firket, restoran veya ma\u011fazay\u0131 kastediyoruz. <a href=\"#mfn-content-00000000000024860000000000000000_3293-7\" class=\"modern-footnotes-scroll-to-footnote\" aria-label=\"Back to reference 7 in text\">\u21a9\ufe0e<\/a><\/div><\/li><li id=\"footnote-00000000000024860000000000000000_3293-8\"><span>8<\/span><div>Formda 3-22, 24-25, 37-51 ve 57-59 numaral\u0131 alanlar doldurulmal\u0131d\u0131r. <a href=\"#mfn-content-00000000000024860000000000000000_3293-8\" class=\"modern-footnotes-scroll-to-footnote\" aria-label=\"Back to reference 8 in text\">\u21a9\ufe0e<\/a><\/div><\/li><li id=\"footnote-00000000000024860000000000000000_3293-9\"><span>9<\/span><div><span style=\"font-weight: 400;\">Bu s\u00fcre zarf\u0131nda firma herhangi bir risk almaz ve i\u015f teklifini geri \u00e7ekebilir. \u0130\u015f s\u00f6zle\u015fmesi ancak izin al\u0131nd\u0131ktan sonra imzalan\u0131r.<\/span> <a href=\"#mfn-content-00000000000024860000000000000000_3293-9\" class=\"modern-footnotes-scroll-to-footnote\" aria-label=\"Back to reference 9 in text\">\u21a9\ufe0e<\/a><\/div><\/li><li id=\"footnote-00000000000024860000000000000000_3293-10\"><span>10<\/span><div><span style=\"font-weight: 400;\">Mesajda, iznin \u00f6rne\u011fin 21 g\u00fcn i\u00e7inde verilmesini isteyebilirsin.<\/span> <a href=\"#mfn-content-00000000000024860000000000000000_3293-10\" class=\"modern-footnotes-scroll-to-footnote\" aria-label=\"Back to reference 10 in text\">\u21a9\ufe0e<\/a><\/div><\/li><li id=\"footnote-00000000000024860000000000000000_3293-11\"><span>11<\/span><div>Elden teslimat mektubu, bir mektup gibidir, ancak mektubun ula\u015ft\u0131\u011f\u0131na dair bir kan\u0131t al\u0131rs\u0131n. 3,10 \u20ac&#8217;ya mal olur. G\u00f6ndermek i\u00e7in Deutsche Post \u015fubesine gitmen gerekir. Posta, sana g\u00f6nderi onay\u0131n\u0131 i\u00e7eren bir kod verir. Koddaki bilgileri foto\u011fraflay\u0131p sakla. <a href=\"#mfn-content-00000000000024860000000000000000_3293-11\" class=\"modern-footnotes-scroll-to-footnote\" aria-label=\"Back to reference 11 in text\">\u21a9\ufe0e<\/a><\/div><\/li><li id=\"footnote-00000000000024860000000000000000_3293-12\"><span>12<\/span><div>Faks, belgelerin telefon a\u011f\u0131 \u00fczerinden g\u00f6nderilmesidir. \u0130\u015fyerinde, kald\u0131\u011f\u0131n yerde veya bir fotokopi d\u00fckkan\u0131nda faks olup olmad\u0131\u011f\u0131n\u0131 sorabilirsin. Ayr\u0131ca bir faks\u0131 \u00e7evrimi\u00e7i olarak g\u00f6nderebilirsin, \u00f6rne\u011fin <a href=\"https:\/\/fax.pdf24.org\/\">fax.pdf24.org<\/a> (ayda 5 sayfa \u00fccretsiz) veya <a href=\"http:\/\/simple-fax.de\/\">simple-fax.de<\/a> <span lang=\"de\"> (sayfa ba\u015f\u0131na 7 sent, hesap a\u00e7\u0131l\u0131\u015f\u0131 i\u00e7in en az 5 \u20ac).<\/span> <a href=\"#mfn-content-00000000000024860000000000000000_3293-12\" class=\"modern-footnotes-scroll-to-footnote\" aria-label=\"Back to reference 12 in text\">\u21a9\ufe0e<\/a><\/div><\/li><li id=\"footnote-00000000000024860000000000000000_3293-13\"><span>13<\/span><div>Bulundu\u011fun yere g\u00f6re Yabanc\u0131lar Dairesi&#8217;ni <a href=\"https:\/\/bamf-navi.bamf.de\/de\/Themen\/Behoerden\/\">burada<\/a> bulabilirsin. <a href=\"#mfn-content-00000000000024860000000000000000_3293-13\" class=\"modern-footnotes-scroll-to-footnote\" aria-label=\"Back to reference 13 in text\">\u21a9\ufe0e<\/a><\/div><\/li><\/ul>","protected":false},"excerpt":{"rendered":"<p>\u25b7 T\u00fcm ad\u0131m ad\u0131m rehberleri g\u00f6ster. S\u0131\u011f\u0131nma s\u00fcrecinde (Asylverfahren) veya Duldung (m\u00fcsamaha belgesi) ile nas\u0131l Arbeitserlaubnis (\u00e7al\u0131\u015fma izni) alabilece\u011fini 7 ad\u0131mda \u00f6\u011fren. Bir bak\u0131\u015fta: Bir i\u015f bul ve firmaya s\u00fcreci a\u00e7\u0131kla. Yabanc\u0131lar dairesine i\u015f s\u00f6zle\u015fmesi (Arbeitsvertrag) ve i\u015f ili\u015fkisinin a\u00e7\u0131klamas\u0131n\u0131 (Erkl\u00e4rung zum Besch\u00e4ftigungsverh\u00e4ltnis) g\u00f6nder. \u0130zni ald\u0131ktan sonra i\u015fine ba\u015flayabilirsin. Bu rehber, i\u015f de\u011fi\u015ftirmek i\u00e7in de [&hellip;]<\/p>\n","protected":false},"author":1,"featured_media":0,"parent":0,"menu_order":0,"comment_status":"closed","ping_status":"closed","template":"","meta":{"footnotes":""},"class_list":["post-3293","page","type-page","status-publish","hentry"],"yoast_head":"<!-- This site is optimized with the Yoast SEO plugin v28.3 - https:\/\/yoast.com\/product\/yoast-seo-wordpress\/ -->\n<title>Arbeitserlaubnis (\u00e7al\u0131\u015fma izni) nas\u0131l al\u0131r\u0131m? (S\u0131\u011f\u0131nma s\u00fcreci\/Duldung) - LIFE Initiative<\/title>\n<meta name=\"robots\" content=\"index, follow, max-snippet:-1, max-image-preview:large, max-video-preview:-1\" \/>\n<link rel=\"canonical\" href=\"https:\/\/life-initiative.org\/tr\/arbeitserlaubnis-asylverfahren\/\" \/>\n<meta property=\"og:locale\" content=\"tr_TR\" \/>\n<meta property=\"og:type\" content=\"article\" \/>\n<meta property=\"og:title\" content=\"Arbeitserlaubnis (\u00e7al\u0131\u015fma izni) nas\u0131l al\u0131r\u0131m? (S\u0131\u011f\u0131nma s\u00fcreci\/Duldung) - LIFE Initiative\" \/>\n<meta property=\"og:description\" content=\"\u25b7 T\u00fcm ad\u0131m ad\u0131m rehberleri g\u00f6ster. S\u0131\u011f\u0131nma s\u00fcrecinde (Asylverfahren) veya Duldung (m\u00fcsamaha belgesi) ile nas\u0131l Arbeitserlaubnis (\u00e7al\u0131\u015fma izni) alabilece\u011fini 7 ad\u0131mda \u00f6\u011fren. Bir bak\u0131\u015fta: Bir i\u015f bul ve firmaya s\u00fcreci a\u00e7\u0131kla. Yabanc\u0131lar dairesine i\u015f s\u00f6zle\u015fmesi (Arbeitsvertrag) ve i\u015f ili\u015fkisinin a\u00e7\u0131klamas\u0131n\u0131 (Erkl\u00e4rung zum Besch\u00e4ftigungsverh\u00e4ltnis) g\u00f6nder. \u0130zni ald\u0131ktan sonra i\u015fine ba\u015flayabilirsin. Bu rehber, i\u015f de\u011fi\u015ftirmek i\u00e7in de [&hellip;]\" \/>\n<meta property=\"og:url\" content=\"https:\/\/life-initiative.org\/tr\/arbeitserlaubnis-asylverfahren\/\" \/>\n<meta property=\"og:site_name\" content=\"LIFE Initiative\" \/>\n<meta property=\"article:publisher\" content=\"https:\/\/www.facebook.com\/LIFE.Social.Coaching\" \/>\n<meta property=\"article:modified_time\" content=\"2025-01-14T12:09:40+00:00\" \/>\n<meta property=\"og:image\" content=\"https:\/\/life-initiative.org\/wp-content\/uploads\/2024\/08\/work-300x300.png\" \/>\n<meta name=\"twitter:card\" content=\"summary_large_image\" \/>\n<meta name=\"twitter:label1\" content=\"Tahmini okuma s\u00fcresi\" \/>\n\t<meta name=\"twitter:data1\" content=\"5 dakika\" \/>\n<script type=\"application\/ld+json\" class=\"yoast-schema-graph\">{\"@context\":\"https:\\\/\\\/schema.org\",\"@graph\":[{\"@type\":\"WebPage\",\"@id\":\"https:\\\/\\\/life-initiative.org\\\/tr\\\/arbeitserlaubnis-asylverfahren\\\/\",\"url\":\"https:\\\/\\\/life-initiative.org\\\/tr\\\/arbeitserlaubnis-asylverfahren\\\/\",\"name\":\"Arbeitserlaubnis (\u00e7al\u0131\u015fma izni) nas\u0131l al\u0131r\u0131m? (S\u0131\u011f\u0131nma s\u00fcreci\\\/Duldung) - LIFE Initiative\",\"isPartOf\":{\"@id\":\"https:\\\/\\\/life-initiative.org\\\/tr\\\/#website\"},\"primaryImageOfPage\":{\"@id\":\"https:\\\/\\\/life-initiative.org\\\/tr\\\/arbeitserlaubnis-asylverfahren\\\/#primaryimage\"},\"image\":{\"@id\":\"https:\\\/\\\/life-initiative.org\\\/tr\\\/arbeitserlaubnis-asylverfahren\\\/#primaryimage\"},\"thumbnailUrl\":\"https:\\\/\\\/life-initiative.org\\\/wp-content\\\/uploads\\\/2024\\\/08\\\/work-300x300.png\",\"datePublished\":\"2024-07-04T15:48:19+00:00\",\"dateModified\":\"2025-01-14T12:09:40+00:00\",\"breadcrumb\":{\"@id\":\"https:\\\/\\\/life-initiative.org\\\/tr\\\/arbeitserlaubnis-asylverfahren\\\/#breadcrumb\"},\"inLanguage\":\"tr\",\"potentialAction\":[{\"@type\":\"ReadAction\",\"target\":[\"https:\\\/\\\/life-initiative.org\\\/tr\\\/arbeitserlaubnis-asylverfahren\\\/\"]}]},{\"@type\":\"ImageObject\",\"inLanguage\":\"tr\",\"@id\":\"https:\\\/\\\/life-initiative.org\\\/tr\\\/arbeitserlaubnis-asylverfahren\\\/#primaryimage\",\"url\":\"https:\\\/\\\/life-initiative.org\\\/wp-content\\\/uploads\\\/2024\\\/08\\\/work-300x300.png\",\"contentUrl\":\"https:\\\/\\\/life-initiative.org\\\/wp-content\\\/uploads\\\/2024\\\/08\\\/work-300x300.png\"},{\"@type\":\"BreadcrumbList\",\"@id\":\"https:\\\/\\\/life-initiative.org\\\/tr\\\/arbeitserlaubnis-asylverfahren\\\/#breadcrumb\",\"itemListElement\":[{\"@type\":\"ListItem\",\"position\":1,\"name\":\"Startseite\",\"item\":\"https:\\\/\\\/life-initiative.org\\\/tr\\\/\"},{\"@type\":\"ListItem\",\"position\":2,\"name\":\"Arbeitserlaubnis (\u00e7al\u0131\u015fma izni) nas\u0131l al\u0131r\u0131m? (S\u0131\u011f\u0131nma s\u00fcreci\\\/Duldung)\"}]},{\"@type\":\"WebSite\",\"@id\":\"https:\\\/\\\/life-initiative.org\\\/tr\\\/#website\",\"url\":\"https:\\\/\\\/life-initiative.org\\\/tr\\\/\",\"name\":\"LIFE Initiative\",\"description\":\"\",\"publisher\":{\"@id\":\"https:\\\/\\\/life-initiative.org\\\/tr\\\/#organization\"},\"potentialAction\":[{\"@type\":\"SearchAction\",\"target\":{\"@type\":\"EntryPoint\",\"urlTemplate\":\"https:\\\/\\\/life-initiative.org\\\/tr\\\/?s={search_term_string}\"},\"query-input\":{\"@type\":\"PropertyValueSpecification\",\"valueRequired\":true,\"valueName\":\"search_term_string\"}}],\"inLanguage\":\"tr\"},{\"@type\":\"Organization\",\"@id\":\"https:\\\/\\\/life-initiative.org\\\/tr\\\/#organization\",\"name\":\"LIFE Initiative\",\"url\":\"https:\\\/\\\/life-initiative.org\\\/tr\\\/\",\"logo\":{\"@type\":\"ImageObject\",\"inLanguage\":\"tr\",\"@id\":\"https:\\\/\\\/life-initiative.org\\\/tr\\\/#\\\/schema\\\/logo\\\/image\\\/\",\"url\":\"https:\\\/\\\/life-initiative.org\\\/wp-content\\\/uploads\\\/2023\\\/03\\\/cropped-life_logo.png\",\"contentUrl\":\"https:\\\/\\\/life-initiative.org\\\/wp-content\\\/uploads\\\/2023\\\/03\\\/cropped-life_logo.png\",\"width\":849,\"height\":411,\"caption\":\"LIFE Initiative\"},\"image\":{\"@id\":\"https:\\\/\\\/life-initiative.org\\\/tr\\\/#\\\/schema\\\/logo\\\/image\\\/\"},\"sameAs\":[\"https:\\\/\\\/www.facebook.com\\\/LIFE.Social.Coaching\",\"https:\\\/\\\/www.linkedin.com\\\/company\\\/life-initiative\\\/\",\"https:\\\/\\\/www.instagram.com\\\/LIFE.Social.Coaching\\\/\"]}]}<\/script>\n<!-- \/ Yoast SEO plugin. -->","yoast_head_json":{"title":"Arbeitserlaubnis (\u00e7al\u0131\u015fma izni) nas\u0131l al\u0131r\u0131m? (S\u0131\u011f\u0131nma s\u00fcreci\/Duldung) - LIFE Initiative","robots":{"index":"index","follow":"follow","max-snippet":"max-snippet:-1","max-image-preview":"max-image-preview:large","max-video-preview":"max-video-preview:-1"},"canonical":"https:\/\/life-initiative.org\/tr\/arbeitserlaubnis-asylverfahren\/","og_locale":"tr_TR","og_type":"article","og_title":"Arbeitserlaubnis (\u00e7al\u0131\u015fma izni) nas\u0131l al\u0131r\u0131m? (S\u0131\u011f\u0131nma s\u00fcreci\/Duldung) - LIFE Initiative","og_description":"\u25b7 T\u00fcm ad\u0131m ad\u0131m rehberleri g\u00f6ster. S\u0131\u011f\u0131nma s\u00fcrecinde (Asylverfahren) veya Duldung (m\u00fcsamaha belgesi) ile nas\u0131l Arbeitserlaubnis (\u00e7al\u0131\u015fma izni) alabilece\u011fini 7 ad\u0131mda \u00f6\u011fren. Bir bak\u0131\u015fta: Bir i\u015f bul ve firmaya s\u00fcreci a\u00e7\u0131kla. Yabanc\u0131lar dairesine i\u015f s\u00f6zle\u015fmesi (Arbeitsvertrag) ve i\u015f ili\u015fkisinin a\u00e7\u0131klamas\u0131n\u0131 (Erkl\u00e4rung zum Besch\u00e4ftigungsverh\u00e4ltnis) g\u00f6nder. \u0130zni ald\u0131ktan sonra i\u015fine ba\u015flayabilirsin. Bu rehber, i\u015f de\u011fi\u015ftirmek i\u00e7in de [&hellip;]","og_url":"https:\/\/life-initiative.org\/tr\/arbeitserlaubnis-asylverfahren\/","og_site_name":"LIFE Initiative","article_publisher":"https:\/\/www.facebook.com\/LIFE.Social.Coaching","article_modified_time":"2025-01-14T12:09:40+00:00","og_image":[{"url":"https:\/\/life-initiative.org\/wp-content\/uploads\/2024\/08\/work-300x300.png","type":"","width":"","height":""}],"twitter_card":"summary_large_image","twitter_misc":{"Tahmini okuma s\u00fcresi":"5 dakika"},"schema":{"@context":"https:\/\/schema.org","@graph":[{"@type":"WebPage","@id":"https:\/\/life-initiative.org\/tr\/arbeitserlaubnis-asylverfahren\/","url":"https:\/\/life-initiative.org\/tr\/arbeitserlaubnis-asylverfahren\/","name":"Arbeitserlaubnis (\u00e7al\u0131\u015fma izni) nas\u0131l al\u0131r\u0131m? (S\u0131\u011f\u0131nma s\u00fcreci\/Duldung) - LIFE Initiative","isPartOf":{"@id":"https:\/\/life-initiative.org\/tr\/#website"},"primaryImageOfPage":{"@id":"https:\/\/life-initiative.org\/tr\/arbeitserlaubnis-asylverfahren\/#primaryimage"},"image":{"@id":"https:\/\/life-initiative.org\/tr\/arbeitserlaubnis-asylverfahren\/#primaryimage"},"thumbnailUrl":"https:\/\/life-initiative.org\/wp-content\/uploads\/2024\/08\/work-300x300.png","datePublished":"2024-07-04T15:48:19+00:00","dateModified":"2025-01-14T12:09:40+00:00","breadcrumb":{"@id":"https:\/\/life-initiative.org\/tr\/arbeitserlaubnis-asylverfahren\/#breadcrumb"},"inLanguage":"tr","potentialAction":[{"@type":"ReadAction","target":["https:\/\/life-initiative.org\/tr\/arbeitserlaubnis-asylverfahren\/"]}]},{"@type":"ImageObject","inLanguage":"tr","@id":"https:\/\/life-initiative.org\/tr\/arbeitserlaubnis-asylverfahren\/#primaryimage","url":"https:\/\/life-initiative.org\/wp-content\/uploads\/2024\/08\/work-300x300.png","contentUrl":"https:\/\/life-initiative.org\/wp-content\/uploads\/2024\/08\/work-300x300.png"},{"@type":"BreadcrumbList","@id":"https:\/\/life-initiative.org\/tr\/arbeitserlaubnis-asylverfahren\/#breadcrumb","itemListElement":[{"@type":"ListItem","position":1,"name":"Startseite","item":"https:\/\/life-initiative.org\/tr\/"},{"@type":"ListItem","position":2,"name":"Arbeitserlaubnis (\u00e7al\u0131\u015fma izni) nas\u0131l al\u0131r\u0131m? (S\u0131\u011f\u0131nma s\u00fcreci\/Duldung)"}]},{"@type":"WebSite","@id":"https:\/\/life-initiative.org\/tr\/#website","url":"https:\/\/life-initiative.org\/tr\/","name":"LIFE Initiative","description":"","publisher":{"@id":"https:\/\/life-initiative.org\/tr\/#organization"},"potentialAction":[{"@type":"SearchAction","target":{"@type":"EntryPoint","urlTemplate":"https:\/\/life-initiative.org\/tr\/?s={search_term_string}"},"query-input":{"@type":"PropertyValueSpecification","valueRequired":true,"valueName":"search_term_string"}}],"inLanguage":"tr"},{"@type":"Organization","@id":"https:\/\/life-initiative.org\/tr\/#organization","name":"LIFE Initiative","url":"https:\/\/life-initiative.org\/tr\/","logo":{"@type":"ImageObject","inLanguage":"tr","@id":"https:\/\/life-initiative.org\/tr\/#\/schema\/logo\/image\/","url":"https:\/\/life-initiative.org\/wp-content\/uploads\/2023\/03\/cropped-life_logo.png","contentUrl":"https:\/\/life-initiative.org\/wp-content\/uploads\/2023\/03\/cropped-life_logo.png","width":849,"height":411,"caption":"LIFE Initiative"},"image":{"@id":"https:\/\/life-initiative.org\/tr\/#\/schema\/logo\/image\/"},"sameAs":["https:\/\/www.facebook.com\/LIFE.Social.Coaching","https:\/\/www.linkedin.com\/company\/life-initiative\/","https:\/\/www.instagram.com\/LIFE.Social.Coaching\/"]}]}},"_links":{"self":[{"href":"https:\/\/life-initiative.org\/tr\/wp-json\/wp\/v2\/pages\/3293","targetHints":{"allow":["GET"]}}],"collection":[{"href":"https:\/\/life-initiative.org\/tr\/wp-json\/wp\/v2\/pages"}],"about":[{"href":"https:\/\/life-initiative.org\/tr\/wp-json\/wp\/v2\/types\/page"}],"author":[{"embeddable":true,"href":"https:\/\/life-initiative.org\/tr\/wp-json\/wp\/v2\/users\/1"}],"replies":[{"embeddable":true,"href":"https:\/\/life-initiative.org\/tr\/wp-json\/wp\/v2\/comments?post=3293"}],"version-history":[{"count":11,"href":"https:\/\/life-initiative.org\/tr\/wp-json\/wp\/v2\/pages\/3293\/revisions"}],"predecessor-version":[{"id":4403,"href":"https:\/\/life-initiative.org\/tr\/wp-json\/wp\/v2\/pages\/3293\/revisions\/4403"}],"wp:attachment":[{"href":"https:\/\/life-initiative.org\/tr\/wp-json\/wp\/v2\/media?parent=3293"}],"curies":[{"name":"wp","href":"https:\/\/api.w.org\/{rel}","templated":true}]}}